{"id":13518,"date":"2023-07-16T22:45:25","date_gmt":"2023-07-16T21:45:25","guid":{"rendered":"https:\/\/www.lesfleursdugolfe.com\/tienda-v2\/"},"modified":"2023-07-17T17:18:07","modified_gmt":"2023-07-17T16:18:07","slug":"tienda-v2","status":"publish","type":"page","link":"https:\/\/www.lesfleursdugolfe.com\/es\/tienda-v2\/","title":{"rendered":"Tienda"},"content":{"rendered":"\t\t<div data-elementor-type=\"wp-page\" data-elementor-id=\"13518\" class=\"elementor elementor-13518 elementor-12678\" data-elementor-post-type=\"page\">\n\t\t\t\t\t\t<section class=\"elementor-section elementor-top-section elementor-element elementor-element-c2e70b9 elementor-section-boxed elementor-section-height-default elementor-section-height-default\" data-id=\"c2e70b9\" data-element_type=\"section\">\n\t\t\t\t\t\t<div class=\"elementor-container elementor-column-gap-default\">\n\t\t\t\t\t<div class=\"elementor-column elementor-col-100 elementor-top-column elementor-element elementor-element-92ed900\" data-id=\"92ed900\" data-element_type=\"column\">\n\t\t\t<div class=\"elementor-widget-wrap elementor-element-populated\">\n\t\t\t\t\t\t<div class=\"elementor-element elementor-element-e136ad6 elementor-widget elementor-widget-heading\" data-id=\"e136ad6\" data-element_type=\"widget\" data-widget_type=\"heading.default\">\n\t\t\t\t<div class=\"elementor-widget-container\">\n\t\t\t\t\t<h2 class=\"elementor-heading-title elementor-size-default\">comercio<\/h2>\t\t\t\t<\/div>\n\t\t\t\t<\/div>\n\t\t\t\t<div class=\"elementor-element elementor-element-3795aff elementor-widget elementor-widget-heading\" data-id=\"3795aff\" data-element_type=\"widget\" data-widget_type=\"heading.default\">\n\t\t\t\t<div class=\"elementor-widget-container\">\n\t\t\t\t\t<h2 class=\"elementor-heading-title elementor-size-default\">Bienvenido a la tienda online de su casa francesa de perfumer\u00eda oriental, Les Fleurs du Golfe.\n\nNuestros perfumes despertar\u00e1n tus sentidos a trav\u00e9s de la alianza de nuestra pasi\u00f3n oriental y la sutileza parisina; un torbellino de notas perfumadas que te llevan en un viaje al coraz\u00f3n de Oriente.<\/h2>\t\t\t\t<\/div>\n\t\t\t\t<\/div>\n\t\t\t\t<div class=\"elementor-element elementor-element-d906662 elementor-widget elementor-widget-heading\" data-id=\"d906662\" data-element_type=\"widget\" data-widget_type=\"heading.default\">\n\t\t\t\t<div class=\"elementor-widget-container\">\n\t\t\t\t\t<h2 class=\"elementor-heading-title elementor-size-default\">elegir por genero<\/h2>\t\t\t\t<\/div>\n\t\t\t\t<\/div>\n\t\t\t\t<section class=\"elementor-section elementor-inner-section elementor-element elementor-element-f9628da elementor-section-boxed elementor-section-height-default elementor-section-height-default\" data-id=\"f9628da\" data-element_type=\"section\">\n\t\t\t\t\t\t<div class=\"elementor-container elementor-column-gap-default\">\n\t\t\t\t\t<div class=\"elementor-column elementor-col-33 elementor-inner-column elementor-element elementor-element-ab9c420\" data-id=\"ab9c420\" data-element_type=\"column\">\n\t\t\t<div class=\"elementor-widget-wrap elementor-element-populated\">\n\t\t\t\t\t\t<div class=\"elementor-element elementor-element-32be24c elementor-align-right elementor-mobile-align-center elementor-widget elementor-widget-button\" data-id=\"32be24c\" data-element_type=\"widget\" data-widget_type=\"button.default\">\n\t\t\t\t<div class=\"elementor-widget-container\">\n\t\t\t\t\t\t\t\t\t<div class=\"elementor-button-wrapper\">\n\t\t\t\t\t<a class=\"elementor-button elementor-button-link elementor-size-sm\" href=\"\/es\/perfumes-de-hombre-v2\/\">\n\t\t\t\t\t\t<span class=\"elementor-button-content-wrapper\">\n\t\t\t\t\t\t\t\t\t<span class=\"elementor-button-text\">hombres<\/span>\n\t\t\t\t\t<\/span>\n\t\t\t\t\t<\/a>\n\t\t\t\t<\/div>\n\t\t\t\t\t\t\t\t<\/div>\n\t\t\t\t<\/div>\n\t\t\t\t\t<\/div>\n\t\t<\/div>\n\t\t\t\t<div class=\"elementor-column elementor-col-33 elementor-inner-column elementor-element elementor-element-ad12786\" data-id=\"ad12786\" data-element_type=\"column\">\n\t\t\t<div class=\"elementor-widget-wrap elementor-element-populated\">\n\t\t\t\t\t\t<div class=\"elementor-element elementor-element-0357593 elementor-align-center elementor-mobile-align-center elementor-widget elementor-widget-button\" data-id=\"0357593\" data-element_type=\"widget\" data-widget_type=\"button.default\">\n\t\t\t\t<div class=\"elementor-widget-container\">\n\t\t\t\t\t\t\t\t\t<div class=\"elementor-button-wrapper\">\n\t\t\t\t\t<a class=\"elementor-button elementor-button-link elementor-size-sm\" href=\"\/es\/perfumes-mixtos-v2\/\">\n\t\t\t\t\t\t<span class=\"elementor-button-content-wrapper\">\n\t\t\t\t\t\t\t\t\t<span class=\"elementor-button-text\">mixtos<\/span>\n\t\t\t\t\t<\/span>\n\t\t\t\t\t<\/a>\n\t\t\t\t<\/div>\n\t\t\t\t\t\t\t\t<\/div>\n\t\t\t\t<\/div>\n\t\t\t\t\t<\/div>\n\t\t<\/div>\n\t\t\t\t<div class=\"elementor-column elementor-col-33 elementor-inner-column elementor-element elementor-element-51e8d9f\" data-id=\"51e8d9f\" data-element_type=\"column\">\n\t\t\t<div class=\"elementor-widget-wrap elementor-element-populated\">\n\t\t\t\t\t\t<div class=\"elementor-element elementor-element-5bd0741 elementor-align-left elementor-tablet-align-left elementor-mobile-align-center elementor-widget elementor-widget-button\" data-id=\"5bd0741\" data-element_type=\"widget\" data-widget_type=\"button.default\">\n\t\t\t\t<div class=\"elementor-widget-container\">\n\t\t\t\t\t\t\t\t\t<div class=\"elementor-button-wrapper\">\n\t\t\t\t\t<a class=\"elementor-button elementor-button-link elementor-size-sm\" href=\"\/es\/perfumes-mujer-v2\/\">\n\t\t\t\t\t\t<span class=\"elementor-button-content-wrapper\">\n\t\t\t\t\t\t\t\t\t<span class=\"elementor-button-text\">mujer<\/span>\n\t\t\t\t\t<\/span>\n\t\t\t\t\t<\/a>\n\t\t\t\t<\/div>\n\t\t\t\t\t\t\t\t<\/div>\n\t\t\t\t<\/div>\n\t\t\t\t\t<\/div>\n\t\t<\/div>\n\t\t\t\t\t<\/div>\n\t\t<\/section>\n\t\t\t\t<div class=\"woocommerce elementor-element elementor-element-67eece2 elementor-grid-mobile-1 elementor-grid-3 elementor-grid-tablet-2 elementor-widget elementor-widget-loop-grid\" data-id=\"67eece2\" data-element_type=\"widget\" data-settings=\"{&quot;_skin&quot;:&quot;product&quot;,&quot;template_id&quot;:13554,&quot;pagination_type&quot;:&quot;numbers&quot;,&quot;columns_mobile&quot;:1,&quot;row_gap_mobile&quot;:{&quot;unit&quot;:&quot;px&quot;,&quot;size&quot;:50,&quot;sizes&quot;:[]},&quot;columns&quot;:&quot;3&quot;,&quot;columns_tablet&quot;:&quot;2&quot;,&quot;edit_handle_selector&quot;:&quot;[data-elementor-type=\\&quot;loop-item\\&quot;]&quot;,&quot;pagination_load_type&quot;:&quot;page_reload&quot;,&quot;row_gap&quot;:{&quot;unit&quot;:&quot;px&quot;,&quot;size&quot;:&quot;&quot;,&quot;sizes&quot;:[]},&quot;row_gap_tablet&quot;:{&quot;unit&quot;:&quot;px&quot;,&quot;size&quot;:&quot;&quot;,&quot;sizes&quot;:[]}}\" data-widget_type=\"loop-grid.product\">\n\t\t\t\t<div class=\"elementor-widget-container\">\n\t\t\t\t\t\t\t<div class=\"elementor-loop-container elementor-grid\" role=\"list\">\n\t\t<style id=\"loop-13554\">.elementor-13554 .elementor-element.elementor-element-4d828f8 > .elementor-container{max-width:350px;}.elementor-13554 .elementor-element.elementor-element-ff0ebc7{text-align:center;}.elementor-13554 .elementor-element.elementor-element-ff0ebc7 img{width:90%;max-width:90%;height:320px;object-fit:cover;object-position:center center;border-style:solid;border-width:8px 8px 8px 8px;border-color:var( --e-global-color-primary );border-radius:0px 0px 0px 0px;}.elementor-13554 .elementor-element.elementor-element-e2a970d{margin-top:-10px;margin-bottom:0px;}.elementor-13554 .elementor-element.elementor-element-d572859 > .elementor-element-populated{padding:10px 15px 0px 15px;}.elementor-13554 .elementor-element.elementor-element-55194f7{text-align:center;}.elementor-13554 .elementor-element.elementor-element-55194f7 .elementor-heading-title{font-family:\"Lora\", Sans-serif;font-size:16px;font-weight:700;text-decoration:none;line-height:20px;color:var( --e-global-color-primary );}.elementor-13554 .elementor-element.elementor-element-95985ad{text-align:center;}.elementor-13554 .elementor-element.elementor-element-95985ad .elementor-heading-title{font-family:\"Lora\", Sans-serif;font-size:35px;font-weight:600;color:var( --e-global-color-secondary );}.elementor-13554 .elementor-element.elementor-element-d4793ef > .elementor-widget-container{margin:10px 0px 0px 0px;}.elementor-13554 .elementor-element.elementor-element-d4793ef .elementor-button{font-family:\"Playfair Display\", Sans-serif;font-size:14px;font-weight:600;border-style:solid;border-radius:0px 0px 0px 0px;padding:15px 35px 15px 35px;}@media(max-width:1024px){.elementor-13554 .elementor-element.elementor-element-55194f7 .elementor-heading-title{font-size:14px;}.elementor-13554 .elementor-element.elementor-element-95985ad > .elementor-widget-container{margin:-5px 0px 0px 0px;}.elementor-13554 .elementor-element.elementor-element-95985ad .elementor-heading-title{font-size:30px;}.elementor-13554 .elementor-element.elementor-element-d4793ef > .elementor-widget-container{margin:0px 0px 0px 0px;}.elementor-13554 .elementor-element.elementor-element-d4793ef .elementor-button{font-size:14px;}}@media(max-width:767px){.elementor-13554 .elementor-element.elementor-element-c8bbb05 > .elementor-element-populated{padding:0px 5px 0px 5px;}.elementor-13554 .elementor-element.elementor-element-ff0ebc7 img{width:100%;max-width:100%;}.elementor-13554 .elementor-element.elementor-element-d572859 > .elementor-element-populated{padding:0px 0px 0px 0px;}.elementor-13554 .elementor-element.elementor-element-55194f7 .elementor-heading-title{font-size:12px;}.elementor-13554 .elementor-element.elementor-element-95985ad .elementor-heading-title{font-size:25px;}.elementor-13554 .elementor-element.elementor-element-d4793ef .elementor-button{font-size:10px;padding:15px 20px 15px 20px;}}\/* Start custom CSS for theme-post-title, class: .elementor-element-55194f7 *\/.elementor-widget-heading .elementor-heading-title[class*=elementor-size-]>a{\n    text-decoration: none;\n    font-weight: 500;\n}\n.elementor-13554 .elementor-element.elementor-element-55194f7{\n      overflow: hidden;\n  display: -webkit-box;\n  -webkit-line-clamp: 2;\n  -webkit-box-orient: vertical;\n}\/* End custom CSS *\/\n\/* Start custom CSS for wc-add-to-cart, class: .elementor-element-d4793ef *\/a.added_to_cart.wc-forward {\r\n    display: block !important;\r\n}\/* End custom CSS *\/<\/style>\t\t<div data-elementor-type=\"loop-item\" data-elementor-id=\"13554\" class=\"elementor elementor-13554 elementor-12048 e-loop-item e-loop-item-9986 post-9986 product type-product status-publish has-post-thumbnail product_cat-perfumes-mixtos first onbackorder shipping-taxable purchasable product-type-simple\" data-elementor-post-type=\"elementor_library\" data-custom-edit-handle=\"1\">\n\t\t\t\t\t<section class=\"elementor-section elementor-top-section elementor-element elementor-element-4d828f8 elementor-section-boxed elementor-section-height-default elementor-section-height-default\" data-id=\"4d828f8\" data-element_type=\"section\">\n\t\t\t\t\t\t<div class=\"elementor-container elementor-column-gap-default\">\n\t\t\t\t\t<div class=\"elementor-column elementor-col-100 elementor-top-column elementor-element elementor-element-c8bbb05\" data-id=\"c8bbb05\" data-element_type=\"column\">\n\t\t\t<div class=\"elementor-widget-wrap elementor-element-populated\">\n\t\t\t\t\t\t<div class=\"elementor-element elementor-element-ff0ebc7 elementor-widget elementor-widget-theme-post-featured-image elementor-widget-image\" data-id=\"ff0ebc7\" data-element_type=\"widget\" data-widget_type=\"theme-post-featured-image.default\">\n\t\t\t\t<div class=\"elementor-widget-container\">\n\t\t\t\t\t\t\t\t\t\t\t\t\t\t\t\t<a href=\"https:\/\/www.lesfleursdugolfe.com\/es\/producto\/perfume-a-la-vanille-extreme\/\">\n\t\t\t\t\t\t\t<img fetchpriority=\"high\" decoding=\"async\" width=\"800\" height=\"800\" src=\"https:\/\/www.lesfleursdugolfe.com\/wp-content\/uploads\/2021\/11\/parfum-a-la-vanille-extreme-vanilla-1024x1024.jpeg\" class=\"attachment-large size-large wp-image-8383\" alt=\"Fragancia extrema Vainilla junto a una flor tropical, vainilla bergamota y almizcle\" srcset=\"https:\/\/www.lesfleursdugolfe.com\/wp-content\/uploads\/2021\/11\/parfum-a-la-vanille-extreme-vanilla-1024x1024.jpeg 1024w, https:\/\/www.lesfleursdugolfe.com\/wp-content\/uploads\/2021\/11\/parfum-a-la-vanille-extreme-vanilla-300x300.jpeg 300w, https:\/\/www.lesfleursdugolfe.com\/wp-content\/uploads\/2021\/11\/parfum-a-la-vanille-extreme-vanilla-150x150.jpeg 150w, https:\/\/www.lesfleursdugolfe.com\/wp-content\/uploads\/2021\/11\/parfum-a-la-vanille-extreme-vanilla-768x768.jpeg 768w, https:\/\/www.lesfleursdugolfe.com\/wp-content\/uploads\/2021\/11\/parfum-a-la-vanille-extreme-vanilla-600x600.jpeg 600w, https:\/\/www.lesfleursdugolfe.com\/wp-content\/uploads\/2021\/11\/parfum-a-la-vanille-extreme-vanilla-100x100.jpeg 100w, https:\/\/www.lesfleursdugolfe.com\/wp-content\/uploads\/2021\/11\/parfum-a-la-vanille-extreme-vanilla.jpeg 1280w\" sizes=\"(max-width: 800px) 100vw, 800px\" \/>\t\t\t\t\t\t\t\t<\/a>\n\t\t\t\t\t\t\t\t\t\t\t\t\t\t\t<\/div>\n\t\t\t\t<\/div>\n\t\t\t\t<section class=\"elementor-section elementor-inner-section elementor-element elementor-element-e2a970d elementor-section-boxed elementor-section-height-default elementor-section-height-default\" data-id=\"e2a970d\" data-element_type=\"section\">\n\t\t\t\t\t\t<div class=\"elementor-container elementor-column-gap-default\">\n\t\t\t\t\t<div class=\"elementor-column elementor-col-100 elementor-inner-column elementor-element elementor-element-d572859\" data-id=\"d572859\" data-element_type=\"column\">\n\t\t\t<div class=\"elementor-widget-wrap elementor-element-populated\">\n\t\t\t\t\t\t<div class=\"elementor-element elementor-element-55194f7 elementor-widget elementor-widget-theme-post-title elementor-page-title elementor-widget-heading\" data-id=\"55194f7\" data-element_type=\"widget\" data-widget_type=\"theme-post-title.default\">\n\t\t\t\t<div class=\"elementor-widget-container\">\n\t\t\t\t\t<h1 class=\"elementor-heading-title elementor-size-default\"><a href=\"https:\/\/www.lesfleursdugolfe.com\/es\/producto\/perfume-a-la-vanille-extreme\/\">Extr\u00eame Vanille &#8211; Bergamota, Flores Tropicales y Vainilla<\/a><\/h1>\t\t\t\t<\/div>\n\t\t\t\t<\/div>\n\t\t\t\t<div class=\"elementor-element elementor-element-95985ad elementor-widget elementor-widget-heading\" data-id=\"95985ad\" data-element_type=\"widget\" data-widget_type=\"heading.default\">\n\t\t\t\t<div class=\"elementor-widget-container\">\n\t\t\t\t\t<h2 class=\"elementor-heading-title elementor-size-default\"><span class=\"woocommerce-Price-amount amount\">120<span class=\"woocommerce-Price-currencySymbol\">&euro;<\/span><\/span><\/h2>\t\t\t\t<\/div>\n\t\t\t\t<\/div>\n\t\t\t\t<div class=\"elementor-element elementor-element-d4793ef elementor-add-to-cart--align-center elementor-widget elementor-widget-wc-add-to-cart\" data-id=\"d4793ef\" data-element_type=\"widget\" data-widget_type=\"wc-add-to-cart.default\">\n\t\t\t\t<div class=\"elementor-widget-container\">\n\t\t\t\t\t\t\t\t\t<div class=\"elementor-button-wrapper\">\n\t\t\t\t\t<a rel=\"nofollow\" href=\"\/es\/?add-to-cart=9986\" data-quantity=\"1\" data-product_id=\"9986\" class=\"product_type_simple add_to_cart_button ajax_add_to_cart elementor-button elementor-size-sm\" role=\"button\">\n\t\t\t\t\t\t<span class=\"elementor-button-content-wrapper\">\n\t\t\t\t\t\t\t\t\t<span class=\"elementor-button-text\">A\u00f1adir a la cesta<\/span>\n\t\t\t\t\t<\/span>\n\t\t\t\t\t<\/a>\n\t\t\t\t<\/div>\n\t\t\t\t\t\t\t\t<\/div>\n\t\t\t\t<\/div>\n\t\t\t\t\t<\/div>\n\t\t<\/div>\n\t\t\t\t\t<\/div>\n\t\t<\/section>\n\t\t\t\t\t<\/div>\n\t\t<\/div>\n\t\t\t\t\t<\/div>\n\t\t<\/section>\n\t\t\t\t<\/div>\n\t\t\t\t<div data-elementor-type=\"loop-item\" data-elementor-id=\"13554\" class=\"elementor elementor-13554 elementor-12048 e-loop-item e-loop-item-9987 post-9987 product type-product status-publish has-post-thumbnail product_cat-perfumes-mixtos  instock shipping-taxable purchasable product-type-simple\" data-elementor-post-type=\"elementor_library\" data-custom-edit-handle=\"1\">\n\t\t\t\t\t<section class=\"elementor-section elementor-top-section elementor-element elementor-element-4d828f8 elementor-section-boxed elementor-section-height-default elementor-section-height-default\" data-id=\"4d828f8\" data-element_type=\"section\">\n\t\t\t\t\t\t<div class=\"elementor-container elementor-column-gap-default\">\n\t\t\t\t\t<div class=\"elementor-column elementor-col-100 elementor-top-column elementor-element elementor-element-c8bbb05\" data-id=\"c8bbb05\" data-element_type=\"column\">\n\t\t\t<div class=\"elementor-widget-wrap elementor-element-populated\">\n\t\t\t\t\t\t<div class=\"elementor-element elementor-element-ff0ebc7 elementor-widget elementor-widget-theme-post-featured-image elementor-widget-image\" data-id=\"ff0ebc7\" data-element_type=\"widget\" data-widget_type=\"theme-post-featured-image.default\">\n\t\t\t\t<div class=\"elementor-widget-container\">\n\t\t\t\t\t\t\t\t\t\t\t\t\t\t\t\t<a href=\"https:\/\/www.lesfleursdugolfe.com\/es\/producto\/perfume-mandarina-cachemira-islas\/\">\n\t\t\t\t\t\t\t<img decoding=\"async\" width=\"800\" height=\"864\" src=\"https:\/\/www.lesfleursdugolfe.com\/wp-content\/uploads\/2021\/11\/parfum-cachemire-des-iles-948x1024.jpeg\" class=\"attachment-large size-large wp-image-8373\" alt=\"perfume Cachemire des \u00celes junto a vanile, mandarina y pachul\u00ed\" srcset=\"https:\/\/www.lesfleursdugolfe.com\/wp-content\/uploads\/2021\/11\/parfum-cachemire-des-iles-948x1024.jpeg 948w, https:\/\/www.lesfleursdugolfe.com\/wp-content\/uploads\/2021\/11\/parfum-cachemire-des-iles-278x300.jpeg 278w, https:\/\/www.lesfleursdugolfe.com\/wp-content\/uploads\/2021\/11\/parfum-cachemire-des-iles-768x830.jpeg 768w, https:\/\/www.lesfleursdugolfe.com\/wp-content\/uploads\/2021\/11\/parfum-cachemire-des-iles-600x648.jpeg 600w, https:\/\/www.lesfleursdugolfe.com\/wp-content\/uploads\/2021\/11\/parfum-cachemire-des-iles.jpeg 1185w\" sizes=\"(max-width: 800px) 100vw, 800px\" \/>\t\t\t\t\t\t\t\t<\/a>\n\t\t\t\t\t\t\t\t\t\t\t\t\t\t\t<\/div>\n\t\t\t\t<\/div>\n\t\t\t\t<section class=\"elementor-section elementor-inner-section elementor-element elementor-element-e2a970d elementor-section-boxed elementor-section-height-default elementor-section-height-default\" data-id=\"e2a970d\" data-element_type=\"section\">\n\t\t\t\t\t\t<div class=\"elementor-container elementor-column-gap-default\">\n\t\t\t\t\t<div class=\"elementor-column elementor-col-100 elementor-inner-column elementor-element elementor-element-d572859\" data-id=\"d572859\" data-element_type=\"column\">\n\t\t\t<div class=\"elementor-widget-wrap elementor-element-populated\">\n\t\t\t\t\t\t<div class=\"elementor-element elementor-element-55194f7 elementor-widget elementor-widget-theme-post-title elementor-page-title elementor-widget-heading\" data-id=\"55194f7\" data-element_type=\"widget\" data-widget_type=\"theme-post-title.default\">\n\t\t\t\t<div class=\"elementor-widget-container\">\n\t\t\t\t\t<h1 class=\"elementor-heading-title elementor-size-default\"><a href=\"https:\/\/www.lesfleursdugolfe.com\/es\/producto\/perfume-mandarina-cachemira-islas\/\">Cachemire des \u00celes &#8211; Mandarina, Pachul\u00ed y Ante Blanco<\/a><\/h1>\t\t\t\t<\/div>\n\t\t\t\t<\/div>\n\t\t\t\t<div class=\"elementor-element elementor-element-95985ad elementor-widget elementor-widget-heading\" data-id=\"95985ad\" data-element_type=\"widget\" data-widget_type=\"heading.default\">\n\t\t\t\t<div class=\"elementor-widget-container\">\n\t\t\t\t\t<h2 class=\"elementor-heading-title elementor-size-default\"><span class=\"woocommerce-Price-amount amount\">120<span class=\"woocommerce-Price-currencySymbol\">&euro;<\/span><\/span><\/h2>\t\t\t\t<\/div>\n\t\t\t\t<\/div>\n\t\t\t\t<div class=\"elementor-element elementor-element-d4793ef elementor-add-to-cart--align-center elementor-widget elementor-widget-wc-add-to-cart\" data-id=\"d4793ef\" data-element_type=\"widget\" data-widget_type=\"wc-add-to-cart.default\">\n\t\t\t\t<div class=\"elementor-widget-container\">\n\t\t\t\t\t\t\t\t\t<div class=\"elementor-button-wrapper\">\n\t\t\t\t\t<a rel=\"nofollow\" href=\"\/es\/?add-to-cart=9986\" data-quantity=\"1\" data-product_id=\"9986\" class=\"product_type_simple add_to_cart_button ajax_add_to_cart elementor-button elementor-size-sm\" role=\"button\">\n\t\t\t\t\t\t<span class=\"elementor-button-content-wrapper\">\n\t\t\t\t\t\t\t\t\t<span class=\"elementor-button-text\">A\u00f1adir a la cesta<\/span>\n\t\t\t\t\t<\/span>\n\t\t\t\t\t<\/a>\n\t\t\t\t<\/div>\n\t\t\t\t\t\t\t\t<\/div>\n\t\t\t\t<\/div>\n\t\t\t\t\t<\/div>\n\t\t<\/div>\n\t\t\t\t\t<\/div>\n\t\t<\/section>\n\t\t\t\t\t<\/div>\n\t\t<\/div>\n\t\t\t\t\t<\/div>\n\t\t<\/section>\n\t\t\t\t<\/div>\n\t\t\t\t<div data-elementor-type=\"loop-item\" data-elementor-id=\"13554\" class=\"elementor elementor-13554 elementor-12048 e-loop-item e-loop-item-9988 post-9988 product type-product status-publish has-post-thumbnail last onbackorder shipping-taxable purchasable product-type-simple\" data-elementor-post-type=\"elementor_library\" data-custom-edit-handle=\"1\">\n\t\t\t\t\t<section class=\"elementor-section elementor-top-section elementor-element elementor-element-4d828f8 elementor-section-boxed elementor-section-height-default elementor-section-height-default\" data-id=\"4d828f8\" data-element_type=\"section\">\n\t\t\t\t\t\t<div class=\"elementor-container elementor-column-gap-default\">\n\t\t\t\t\t<div class=\"elementor-column elementor-col-100 elementor-top-column elementor-element elementor-element-c8bbb05\" data-id=\"c8bbb05\" data-element_type=\"column\">\n\t\t\t<div class=\"elementor-widget-wrap elementor-element-populated\">\n\t\t\t\t\t\t<div class=\"elementor-element elementor-element-ff0ebc7 elementor-widget elementor-widget-theme-post-featured-image elementor-widget-image\" data-id=\"ff0ebc7\" data-element_type=\"widget\" data-widget_type=\"theme-post-featured-image.default\">\n\t\t\t\t<div class=\"elementor-widget-container\">\n\t\t\t\t\t\t\t\t\t\t\t\t\t\t\t\t<a href=\"https:\/\/www.lesfleursdugolfe.com\/es\/producto\/perfume-a-la-peche-perle-de-dubai\/\">\n\t\t\t\t\t\t\t<img decoding=\"async\" width=\"800\" height=\"800\" src=\"https:\/\/www.lesfleursdugolfe.com\/wp-content\/uploads\/2021\/11\/parfum-perle-de-dubai-1024x1024.jpeg\" class=\"attachment-large size-large wp-image-8369\" alt=\"Aroma a perla de Dubai en rosa, mandarina y bergamota\" srcset=\"https:\/\/www.lesfleursdugolfe.com\/wp-content\/uploads\/2021\/11\/parfum-perle-de-dubai-1024x1024.jpeg 1024w, https:\/\/www.lesfleursdugolfe.com\/wp-content\/uploads\/2021\/11\/parfum-perle-de-dubai-300x300.jpeg 300w, https:\/\/www.lesfleursdugolfe.com\/wp-content\/uploads\/2021\/11\/parfum-perle-de-dubai-150x150.jpeg 150w, https:\/\/www.lesfleursdugolfe.com\/wp-content\/uploads\/2021\/11\/parfum-perle-de-dubai-768x768.jpeg 768w, https:\/\/www.lesfleursdugolfe.com\/wp-content\/uploads\/2021\/11\/parfum-perle-de-dubai-600x600.jpeg 600w, https:\/\/www.lesfleursdugolfe.com\/wp-content\/uploads\/2021\/11\/parfum-perle-de-dubai-100x100.jpeg 100w, https:\/\/www.lesfleursdugolfe.com\/wp-content\/uploads\/2021\/11\/parfum-perle-de-dubai.jpeg 1280w\" sizes=\"(max-width: 800px) 100vw, 800px\" \/>\t\t\t\t\t\t\t\t<\/a>\n\t\t\t\t\t\t\t\t\t\t\t\t\t\t\t<\/div>\n\t\t\t\t<\/div>\n\t\t\t\t<section class=\"elementor-section elementor-inner-section elementor-element elementor-element-e2a970d elementor-section-boxed elementor-section-height-default elementor-section-height-default\" data-id=\"e2a970d\" data-element_type=\"section\">\n\t\t\t\t\t\t<div class=\"elementor-container elementor-column-gap-default\">\n\t\t\t\t\t<div class=\"elementor-column elementor-col-100 elementor-inner-column elementor-element elementor-element-d572859\" data-id=\"d572859\" data-element_type=\"column\">\n\t\t\t<div class=\"elementor-widget-wrap elementor-element-populated\">\n\t\t\t\t\t\t<div class=\"elementor-element elementor-element-55194f7 elementor-widget elementor-widget-theme-post-title elementor-page-title elementor-widget-heading\" data-id=\"55194f7\" data-element_type=\"widget\" data-widget_type=\"theme-post-title.default\">\n\t\t\t\t<div class=\"elementor-widget-container\">\n\t\t\t\t\t<h1 class=\"elementor-heading-title elementor-size-default\"><a href=\"https:\/\/www.lesfleursdugolfe.com\/es\/producto\/perfume-a-la-peche-perle-de-dubai\/\">Perle de Duba\u00ef &#8211; Durazno, Geranio y Vainilla Pralina<\/a><\/h1>\t\t\t\t<\/div>\n\t\t\t\t<\/div>\n\t\t\t\t<div class=\"elementor-element elementor-element-95985ad elementor-widget elementor-widget-heading\" data-id=\"95985ad\" data-element_type=\"widget\" data-widget_type=\"heading.default\">\n\t\t\t\t<div class=\"elementor-widget-container\">\n\t\t\t\t\t<h2 class=\"elementor-heading-title elementor-size-default\"><span class=\"woocommerce-Price-amount amount\">120<span class=\"woocommerce-Price-currencySymbol\">&euro;<\/span><\/span><\/h2>\t\t\t\t<\/div>\n\t\t\t\t<\/div>\n\t\t\t\t<div class=\"elementor-element elementor-element-d4793ef elementor-add-to-cart--align-center elementor-widget elementor-widget-wc-add-to-cart\" data-id=\"d4793ef\" data-element_type=\"widget\" data-widget_type=\"wc-add-to-cart.default\">\n\t\t\t\t<div class=\"elementor-widget-container\">\n\t\t\t\t\t\t\t\t\t<div class=\"elementor-button-wrapper\">\n\t\t\t\t\t<a rel=\"nofollow\" href=\"\/es\/?add-to-cart=9986\" data-quantity=\"1\" data-product_id=\"9986\" class=\"product_type_simple add_to_cart_button ajax_add_to_cart elementor-button elementor-size-sm\" role=\"button\">\n\t\t\t\t\t\t<span class=\"elementor-button-content-wrapper\">\n\t\t\t\t\t\t\t\t\t<span class=\"elementor-button-text\">A\u00f1adir a la cesta<\/span>\n\t\t\t\t\t<\/span>\n\t\t\t\t\t<\/a>\n\t\t\t\t<\/div>\n\t\t\t\t\t\t\t\t<\/div>\n\t\t\t\t<\/div>\n\t\t\t\t\t<\/div>\n\t\t<\/div>\n\t\t\t\t\t<\/div>\n\t\t<\/section>\n\t\t\t\t\t<\/div>\n\t\t<\/div>\n\t\t\t\t\t<\/div>\n\t\t<\/section>\n\t\t\t\t<\/div>\n\t\t\t\t<div data-elementor-type=\"loop-item\" data-elementor-id=\"13554\" class=\"elementor elementor-13554 elementor-12048 e-loop-item e-loop-item-9989 post-9989 product type-product status-publish has-post-thumbnail product_cat-perfumes-mixtos first instock shipping-taxable purchasable product-type-simple\" data-elementor-post-type=\"elementor_library\" data-custom-edit-handle=\"1\">\n\t\t\t\t\t<section class=\"elementor-section elementor-top-section elementor-element elementor-element-4d828f8 elementor-section-boxed elementor-section-height-default elementor-section-height-default\" data-id=\"4d828f8\" data-element_type=\"section\">\n\t\t\t\t\t\t<div class=\"elementor-container elementor-column-gap-default\">\n\t\t\t\t\t<div class=\"elementor-column elementor-col-100 elementor-top-column elementor-element elementor-element-c8bbb05\" data-id=\"c8bbb05\" data-element_type=\"column\">\n\t\t\t<div class=\"elementor-widget-wrap elementor-element-populated\">\n\t\t\t\t\t\t<div class=\"elementor-element elementor-element-ff0ebc7 elementor-widget elementor-widget-theme-post-featured-image elementor-widget-image\" data-id=\"ff0ebc7\" data-element_type=\"widget\" data-widget_type=\"theme-post-featured-image.default\">\n\t\t\t\t<div class=\"elementor-widget-container\">\n\t\t\t\t\t\t\t\t\t\t\t\t\t\t\t\t<a href=\"https:\/\/www.lesfleursdugolfe.com\/es\/producto\/perfume-au-lirio-del-valle-gourmand-extremo\/\">\n\t\t\t\t\t\t\t<img loading=\"lazy\" decoding=\"async\" width=\"800\" height=\"911\" src=\"https:\/\/www.lesfleursdugolfe.com\/wp-content\/uploads\/2021\/11\/parfum-oriental-gourmand-extreme--899x1024.jpeg\" class=\"attachment-large size-large wp-image-8343\" alt=\"perfume con muget, especias y flores ex\u00f3ticas, vainilla y almizcle\" srcset=\"https:\/\/www.lesfleursdugolfe.com\/wp-content\/uploads\/2021\/11\/parfum-oriental-gourmand-extreme--899x1024.jpeg 899w, https:\/\/www.lesfleursdugolfe.com\/wp-content\/uploads\/2021\/11\/parfum-oriental-gourmand-extreme--263x300.jpeg 263w, https:\/\/www.lesfleursdugolfe.com\/wp-content\/uploads\/2021\/11\/parfum-oriental-gourmand-extreme--768x875.jpeg 768w, https:\/\/www.lesfleursdugolfe.com\/wp-content\/uploads\/2021\/11\/parfum-oriental-gourmand-extreme--600x683.jpeg 600w, https:\/\/www.lesfleursdugolfe.com\/wp-content\/uploads\/2021\/11\/parfum-oriental-gourmand-extreme-.jpeg 1124w\" sizes=\"(max-width: 800px) 100vw, 800px\" \/>\t\t\t\t\t\t\t\t<\/a>\n\t\t\t\t\t\t\t\t\t\t\t\t\t\t\t<\/div>\n\t\t\t\t<\/div>\n\t\t\t\t<section class=\"elementor-section elementor-inner-section elementor-element elementor-element-e2a970d elementor-section-boxed elementor-section-height-default elementor-section-height-default\" data-id=\"e2a970d\" data-element_type=\"section\">\n\t\t\t\t\t\t<div class=\"elementor-container elementor-column-gap-default\">\n\t\t\t\t\t<div class=\"elementor-column elementor-col-100 elementor-inner-column elementor-element elementor-element-d572859\" data-id=\"d572859\" data-element_type=\"column\">\n\t\t\t<div class=\"elementor-widget-wrap elementor-element-populated\">\n\t\t\t\t\t\t<div class=\"elementor-element elementor-element-55194f7 elementor-widget elementor-widget-theme-post-title elementor-page-title elementor-widget-heading\" data-id=\"55194f7\" data-element_type=\"widget\" data-widget_type=\"theme-post-title.default\">\n\t\t\t\t<div class=\"elementor-widget-container\">\n\t\t\t\t\t<h1 class=\"elementor-heading-title elementor-size-default\"><a href=\"https:\/\/www.lesfleursdugolfe.com\/es\/producto\/perfume-au-lirio-del-valle-gourmand-extremo\/\">Gourmand Extr\u00eame &#8211; Lirio del Valle, Especias y Flores Ex\u00f3ticas<\/a><\/h1>\t\t\t\t<\/div>\n\t\t\t\t<\/div>\n\t\t\t\t<div class=\"elementor-element elementor-element-95985ad elementor-widget elementor-widget-heading\" data-id=\"95985ad\" data-element_type=\"widget\" data-widget_type=\"heading.default\">\n\t\t\t\t<div class=\"elementor-widget-container\">\n\t\t\t\t\t<h2 class=\"elementor-heading-title elementor-size-default\"><span class=\"woocommerce-Price-amount amount\">120<span class=\"woocommerce-Price-currencySymbol\">&euro;<\/span><\/span><\/h2>\t\t\t\t<\/div>\n\t\t\t\t<\/div>\n\t\t\t\t<div class=\"elementor-element elementor-element-d4793ef elementor-add-to-cart--align-center elementor-widget elementor-widget-wc-add-to-cart\" data-id=\"d4793ef\" data-element_type=\"widget\" data-widget_type=\"wc-add-to-cart.default\">\n\t\t\t\t<div class=\"elementor-widget-container\">\n\t\t\t\t\t\t\t\t\t<div class=\"elementor-button-wrapper\">\n\t\t\t\t\t<a rel=\"nofollow\" href=\"\/es\/?add-to-cart=9986\" data-quantity=\"1\" data-product_id=\"9986\" class=\"product_type_simple add_to_cart_button ajax_add_to_cart elementor-button elementor-size-sm\" role=\"button\">\n\t\t\t\t\t\t<span class=\"elementor-button-content-wrapper\">\n\t\t\t\t\t\t\t\t\t<span class=\"elementor-button-text\">A\u00f1adir a la cesta<\/span>\n\t\t\t\t\t<\/span>\n\t\t\t\t\t<\/a>\n\t\t\t\t<\/div>\n\t\t\t\t\t\t\t\t<\/div>\n\t\t\t\t<\/div>\n\t\t\t\t\t<\/div>\n\t\t<\/div>\n\t\t\t\t\t<\/div>\n\t\t<\/section>\n\t\t\t\t\t<\/div>\n\t\t<\/div>\n\t\t\t\t\t<\/div>\n\t\t<\/section>\n\t\t\t\t<\/div>\n\t\t\t\t<div data-elementor-type=\"loop-item\" data-elementor-id=\"13554\" class=\"elementor elementor-13554 elementor-12048 e-loop-item e-loop-item-6967 post-6967 product type-product status-publish has-post-thumbnail product_cat-perfumes-mixtos product_tag-aroma-ambar product_tag-extracto-de-perfume product_tag-fragancia-vainilla product_tag-perfume-hecho-en-francia product_tag-perfume-oriental  onbackorder shipping-taxable purchasable product-type-simple\" data-elementor-post-type=\"elementor_library\" data-custom-edit-handle=\"1\">\n\t\t\t\t\t<section class=\"elementor-section elementor-top-section elementor-element elementor-element-4d828f8 elementor-section-boxed elementor-section-height-default elementor-section-height-default\" data-id=\"4d828f8\" data-element_type=\"section\">\n\t\t\t\t\t\t<div class=\"elementor-container elementor-column-gap-default\">\n\t\t\t\t\t<div class=\"elementor-column elementor-col-100 elementor-top-column elementor-element elementor-element-c8bbb05\" data-id=\"c8bbb05\" data-element_type=\"column\">\n\t\t\t<div class=\"elementor-widget-wrap elementor-element-populated\">\n\t\t\t\t\t\t<div class=\"elementor-element elementor-element-ff0ebc7 elementor-widget elementor-widget-theme-post-featured-image elementor-widget-image\" data-id=\"ff0ebc7\" data-element_type=\"widget\" data-widget_type=\"theme-post-featured-image.default\">\n\t\t\t\t<div class=\"elementor-widget-container\">\n\t\t\t\t\t\t\t\t\t\t\t\t\t\t\t\t<a href=\"https:\/\/www.lesfleursdugolfe.com\/es\/producto\/perfume-coco-du-yemen\/\">\n\t\t\t\t\t\t\t<img loading=\"lazy\" decoding=\"async\" width=\"800\" height=\"677\" src=\"https:\/\/www.lesfleursdugolfe.com\/wp-content\/uploads\/2021\/04\/parfum-orient-express_web2-1024x866.webp\" class=\"attachment-large size-large wp-image-14576\" alt=\"Parfum \u00e0 la noix de coco Coco du Y\u00e9men des Fleurs du Golfe\" srcset=\"https:\/\/www.lesfleursdugolfe.com\/wp-content\/uploads\/2021\/04\/parfum-orient-express_web2-1024x866.webp 1024w, https:\/\/www.lesfleursdugolfe.com\/wp-content\/uploads\/2021\/04\/parfum-orient-express_web2-300x254.webp 300w, https:\/\/www.lesfleursdugolfe.com\/wp-content\/uploads\/2021\/04\/parfum-orient-express_web2-768x650.webp 768w, https:\/\/www.lesfleursdugolfe.com\/wp-content\/uploads\/2021\/04\/parfum-orient-express_web2-600x508.webp 600w, https:\/\/www.lesfleursdugolfe.com\/wp-content\/uploads\/2021\/04\/parfum-orient-express_web2.webp 1200w\" sizes=\"(max-width: 800px) 100vw, 800px\" \/>\t\t\t\t\t\t\t\t<\/a>\n\t\t\t\t\t\t\t\t\t\t\t\t\t\t\t<\/div>\n\t\t\t\t<\/div>\n\t\t\t\t<section class=\"elementor-section elementor-inner-section elementor-element elementor-element-e2a970d elementor-section-boxed elementor-section-height-default elementor-section-height-default\" data-id=\"e2a970d\" data-element_type=\"section\">\n\t\t\t\t\t\t<div class=\"elementor-container elementor-column-gap-default\">\n\t\t\t\t\t<div class=\"elementor-column elementor-col-100 elementor-inner-column elementor-element elementor-element-d572859\" data-id=\"d572859\" data-element_type=\"column\">\n\t\t\t<div class=\"elementor-widget-wrap elementor-element-populated\">\n\t\t\t\t\t\t<div class=\"elementor-element elementor-element-55194f7 elementor-widget elementor-widget-theme-post-title elementor-page-title elementor-widget-heading\" data-id=\"55194f7\" data-element_type=\"widget\" data-widget_type=\"theme-post-title.default\">\n\t\t\t\t<div class=\"elementor-widget-container\">\n\t\t\t\t\t<h1 class=\"elementor-heading-title elementor-size-default\"><a href=\"https:\/\/www.lesfleursdugolfe.com\/es\/producto\/perfume-coco-du-yemen\/\">Coco du Yemen &#8211; \u00c1mbar, Vainilla de Madagascar<\/a><\/h1>\t\t\t\t<\/div>\n\t\t\t\t<\/div>\n\t\t\t\t<div class=\"elementor-element elementor-element-95985ad elementor-widget elementor-widget-heading\" data-id=\"95985ad\" data-element_type=\"widget\" data-widget_type=\"heading.default\">\n\t\t\t\t<div class=\"elementor-widget-container\">\n\t\t\t\t\t<h2 class=\"elementor-heading-title elementor-size-default\"><span class=\"woocommerce-Price-amount amount\">100<span class=\"woocommerce-Price-currencySymbol\">&euro;<\/span><\/span><\/h2>\t\t\t\t<\/div>\n\t\t\t\t<\/div>\n\t\t\t\t<div class=\"elementor-element elementor-element-d4793ef elementor-add-to-cart--align-center elementor-widget elementor-widget-wc-add-to-cart\" data-id=\"d4793ef\" data-element_type=\"widget\" data-widget_type=\"wc-add-to-cart.default\">\n\t\t\t\t<div class=\"elementor-widget-container\">\n\t\t\t\t\t\t\t\t\t<div class=\"elementor-button-wrapper\">\n\t\t\t\t\t<a rel=\"nofollow\" href=\"\/es\/?add-to-cart=9986\" data-quantity=\"1\" data-product_id=\"9986\" class=\"product_type_simple add_to_cart_button ajax_add_to_cart elementor-button elementor-size-sm\" role=\"button\">\n\t\t\t\t\t\t<span class=\"elementor-button-content-wrapper\">\n\t\t\t\t\t\t\t\t\t<span class=\"elementor-button-text\">A\u00f1adir a la cesta<\/span>\n\t\t\t\t\t<\/span>\n\t\t\t\t\t<\/a>\n\t\t\t\t<\/div>\n\t\t\t\t\t\t\t\t<\/div>\n\t\t\t\t<\/div>\n\t\t\t\t\t<\/div>\n\t\t<\/div>\n\t\t\t\t\t<\/div>\n\t\t<\/section>\n\t\t\t\t\t<\/div>\n\t\t<\/div>\n\t\t\t\t\t<\/div>\n\t\t<\/section>\n\t\t\t\t<\/div>\n\t\t\t\t<div data-elementor-type=\"loop-item\" data-elementor-id=\"13554\" class=\"elementor elementor-13554 elementor-12048 e-loop-item e-loop-item-6977 post-6977 product type-product status-publish has-post-thumbnail product_cat-perfumes-de-hombre product_tag-cual-es-la-mejor-fragancia-de-vainilla product_tag-aroma-a-pina product_tag-aroma-almizcle product_tag-extracto-de-fragancia-de-vainilla product_tag-extracto-de-perfume product_tag-extracto-de-perfume-mixto product_tag-fragancia-sandalo product_tag-perfume-de-bergamota product_tag-perfume-hecho-en-francia product_tag-perfume-oriental last instock shipping-taxable purchasable product-type-simple\" data-elementor-post-type=\"elementor_library\" data-custom-edit-handle=\"1\">\n\t\t\t\t\t<section class=\"elementor-section elementor-top-section elementor-element elementor-element-4d828f8 elementor-section-boxed elementor-section-height-default elementor-section-height-default\" data-id=\"4d828f8\" data-element_type=\"section\">\n\t\t\t\t\t\t<div class=\"elementor-container elementor-column-gap-default\">\n\t\t\t\t\t<div class=\"elementor-column elementor-col-100 elementor-top-column elementor-element elementor-element-c8bbb05\" data-id=\"c8bbb05\" data-element_type=\"column\">\n\t\t\t<div class=\"elementor-widget-wrap elementor-element-populated\">\n\t\t\t\t\t\t<div class=\"elementor-element elementor-element-ff0ebc7 elementor-widget elementor-widget-theme-post-featured-image elementor-widget-image\" data-id=\"ff0ebc7\" data-element_type=\"widget\" data-widget_type=\"theme-post-featured-image.default\">\n\t\t\t\t<div class=\"elementor-widget-container\">\n\t\t\t\t\t\t\t\t\t\t\t\t\t\t\t\t<a href=\"https:\/\/www.lesfleursdugolfe.com\/es\/producto\/zafiro-vainilla-almizcle-hecho-en-francia\/\">\n\t\t\t\t\t\t\t<img loading=\"lazy\" decoding=\"async\" width=\"800\" height=\"800\" src=\"https:\/\/www.lesfleursdugolfe.com\/wp-content\/uploads\/2023\/07\/lesdug-1.webp\" class=\"attachment-large size-large wp-image-12731\" alt=\"Parfum Saphir Vanille\" srcset=\"https:\/\/www.lesfleursdugolfe.com\/wp-content\/uploads\/2023\/07\/lesdug-1.webp 964w, https:\/\/www.lesfleursdugolfe.com\/wp-content\/uploads\/2023\/07\/lesdug-1-300x300.webp 300w, https:\/\/www.lesfleursdugolfe.com\/wp-content\/uploads\/2023\/07\/lesdug-1-150x150.webp 150w, https:\/\/www.lesfleursdugolfe.com\/wp-content\/uploads\/2023\/07\/lesdug-1-768x768.webp 768w, https:\/\/www.lesfleursdugolfe.com\/wp-content\/uploads\/2023\/07\/lesdug-1-600x600.webp 600w, https:\/\/www.lesfleursdugolfe.com\/wp-content\/uploads\/2023\/07\/lesdug-1-100x100.webp 100w\" sizes=\"(max-width: 800px) 100vw, 800px\" \/>\t\t\t\t\t\t\t\t<\/a>\n\t\t\t\t\t\t\t\t\t\t\t\t\t\t\t<\/div>\n\t\t\t\t<\/div>\n\t\t\t\t<section class=\"elementor-section elementor-inner-section elementor-element elementor-element-e2a970d elementor-section-boxed elementor-section-height-default elementor-section-height-default\" data-id=\"e2a970d\" data-element_type=\"section\">\n\t\t\t\t\t\t<div class=\"elementor-container elementor-column-gap-default\">\n\t\t\t\t\t<div class=\"elementor-column elementor-col-100 elementor-inner-column elementor-element elementor-element-d572859\" data-id=\"d572859\" data-element_type=\"column\">\n\t\t\t<div class=\"elementor-widget-wrap elementor-element-populated\">\n\t\t\t\t\t\t<div class=\"elementor-element elementor-element-55194f7 elementor-widget elementor-widget-theme-post-title elementor-page-title elementor-widget-heading\" data-id=\"55194f7\" data-element_type=\"widget\" data-widget_type=\"theme-post-title.default\">\n\t\t\t\t<div class=\"elementor-widget-container\">\n\t\t\t\t\t<h1 class=\"elementor-heading-title elementor-size-default\"><a href=\"https:\/\/www.lesfleursdugolfe.com\/es\/producto\/zafiro-vainilla-almizcle-hecho-en-francia\/\">Saphir Vanille &#8211; Almizcle, Vainilla y S\u00e1ndalo<\/a><\/h1>\t\t\t\t<\/div>\n\t\t\t\t<\/div>\n\t\t\t\t<div class=\"elementor-element elementor-element-95985ad elementor-widget elementor-widget-heading\" data-id=\"95985ad\" data-element_type=\"widget\" data-widget_type=\"heading.default\">\n\t\t\t\t<div class=\"elementor-widget-container\">\n\t\t\t\t\t<h2 class=\"elementor-heading-title elementor-size-default\"><span class=\"woocommerce-Price-amount amount\">90<span class=\"woocommerce-Price-currencySymbol\">&euro;<\/span><\/span><\/h2>\t\t\t\t<\/div>\n\t\t\t\t<\/div>\n\t\t\t\t<div class=\"elementor-element elementor-element-d4793ef elementor-add-to-cart--align-center elementor-widget elementor-widget-wc-add-to-cart\" data-id=\"d4793ef\" data-element_type=\"widget\" data-widget_type=\"wc-add-to-cart.default\">\n\t\t\t\t<div class=\"elementor-widget-container\">\n\t\t\t\t\t\t\t\t\t<div class=\"elementor-button-wrapper\">\n\t\t\t\t\t<a rel=\"nofollow\" href=\"\/es\/?add-to-cart=9986\" data-quantity=\"1\" data-product_id=\"9986\" class=\"product_type_simple add_to_cart_button ajax_add_to_cart elementor-button elementor-size-sm\" role=\"button\">\n\t\t\t\t\t\t<span class=\"elementor-button-content-wrapper\">\n\t\t\t\t\t\t\t\t\t<span class=\"elementor-button-text\">A\u00f1adir a la cesta<\/span>\n\t\t\t\t\t<\/span>\n\t\t\t\t\t<\/a>\n\t\t\t\t<\/div>\n\t\t\t\t\t\t\t\t<\/div>\n\t\t\t\t<\/div>\n\t\t\t\t\t<\/div>\n\t\t<\/div>\n\t\t\t\t\t<\/div>\n\t\t<\/section>\n\t\t\t\t\t<\/div>\n\t\t<\/div>\n\t\t\t\t\t<\/div>\n\t\t<\/section>\n\t\t\t\t<\/div>\n\t\t\t\t<div data-elementor-type=\"loop-item\" data-elementor-id=\"13554\" class=\"elementor elementor-13554 elementor-12048 e-loop-item e-loop-item-6999 post-6999 product type-product status-publish has-post-thumbnail product_cat-perfumes-de-hombre product_tag-aroma-de-almizcle-blanco product_tag-fragancia-de-frijol-tonka product_tag-fragancia-de-nicho product_tag-fragancia-mandarina product_tag-fragancia-vainilla product_tag-perfume-oriental first instock shipping-taxable purchasable product-type-simple\" data-elementor-post-type=\"elementor_library\" data-custom-edit-handle=\"1\">\n\t\t\t\t\t<section class=\"elementor-section elementor-top-section elementor-element elementor-element-4d828f8 elementor-section-boxed elementor-section-height-default elementor-section-height-default\" data-id=\"4d828f8\" data-element_type=\"section\">\n\t\t\t\t\t\t<div class=\"elementor-container elementor-column-gap-default\">\n\t\t\t\t\t<div class=\"elementor-column elementor-col-100 elementor-top-column elementor-element elementor-element-c8bbb05\" data-id=\"c8bbb05\" data-element_type=\"column\">\n\t\t\t<div class=\"elementor-widget-wrap elementor-element-populated\">\n\t\t\t\t\t\t<div class=\"elementor-element elementor-element-ff0ebc7 elementor-widget elementor-widget-theme-post-featured-image elementor-widget-image\" data-id=\"ff0ebc7\" data-element_type=\"widget\" data-widget_type=\"theme-post-featured-image.default\">\n\t\t\t\t<div class=\"elementor-widget-container\">\n\t\t\t\t\t\t\t\t\t\t\t\t\t\t\t\t<a href=\"https:\/\/www.lesfleursdugolfe.com\/es\/producto\/noche-flor-botella-dexception\/\">\n\t\t\t\t\t\t\t<img loading=\"lazy\" decoding=\"async\" width=\"800\" height=\"800\" src=\"https:\/\/www.lesfleursdugolfe.com\/wp-content\/uploads\/2020\/12\/Night-Flower_web-1024x1024.webp\" class=\"attachment-large size-large wp-image-11517\" alt=\"\" srcset=\"https:\/\/www.lesfleursdugolfe.com\/wp-content\/uploads\/2020\/12\/Night-Flower_web-1024x1024.webp 1024w, https:\/\/www.lesfleursdugolfe.com\/wp-content\/uploads\/2020\/12\/Night-Flower_web-300x300.webp 300w, https:\/\/www.lesfleursdugolfe.com\/wp-content\/uploads\/2020\/12\/Night-Flower_web-150x150.webp 150w, https:\/\/www.lesfleursdugolfe.com\/wp-content\/uploads\/2020\/12\/Night-Flower_web-768x768.webp 768w, https:\/\/www.lesfleursdugolfe.com\/wp-content\/uploads\/2020\/12\/Night-Flower_web-600x600.webp 600w, https:\/\/www.lesfleursdugolfe.com\/wp-content\/uploads\/2020\/12\/Night-Flower_web-100x100.webp 100w, https:\/\/www.lesfleursdugolfe.com\/wp-content\/uploads\/2020\/12\/Night-Flower_web.webp 1200w\" sizes=\"(max-width: 800px) 100vw, 800px\" \/>\t\t\t\t\t\t\t\t<\/a>\n\t\t\t\t\t\t\t\t\t\t\t\t\t\t\t<\/div>\n\t\t\t\t<\/div>\n\t\t\t\t<section class=\"elementor-section elementor-inner-section elementor-element elementor-element-e2a970d elementor-section-boxed elementor-section-height-default elementor-section-height-default\" data-id=\"e2a970d\" data-element_type=\"section\">\n\t\t\t\t\t\t<div class=\"elementor-container elementor-column-gap-default\">\n\t\t\t\t\t<div class=\"elementor-column elementor-col-100 elementor-inner-column elementor-element elementor-element-d572859\" data-id=\"d572859\" data-element_type=\"column\">\n\t\t\t<div class=\"elementor-widget-wrap elementor-element-populated\">\n\t\t\t\t\t\t<div class=\"elementor-element elementor-element-55194f7 elementor-widget elementor-widget-theme-post-title elementor-page-title elementor-widget-heading\" data-id=\"55194f7\" data-element_type=\"widget\" data-widget_type=\"theme-post-title.default\">\n\t\t\t\t<div class=\"elementor-widget-container\">\n\t\t\t\t\t<h1 class=\"elementor-heading-title elementor-size-default\"><a href=\"https:\/\/www.lesfleursdugolfe.com\/es\/producto\/noche-flor-botella-dexception\/\">Night Flower &#8211; Vainilla, Almizcle y Tonka<\/a><\/h1>\t\t\t\t<\/div>\n\t\t\t\t<\/div>\n\t\t\t\t<div class=\"elementor-element elementor-element-95985ad elementor-widget elementor-widget-heading\" data-id=\"95985ad\" data-element_type=\"widget\" data-widget_type=\"heading.default\">\n\t\t\t\t<div class=\"elementor-widget-container\">\n\t\t\t\t\t<h2 class=\"elementor-heading-title elementor-size-default\"><span class=\"woocommerce-Price-amount amount\">90<span class=\"woocommerce-Price-currencySymbol\">&euro;<\/span><\/span><\/h2>\t\t\t\t<\/div>\n\t\t\t\t<\/div>\n\t\t\t\t<div class=\"elementor-element elementor-element-d4793ef elementor-add-to-cart--align-center elementor-widget elementor-widget-wc-add-to-cart\" data-id=\"d4793ef\" data-element_type=\"widget\" data-widget_type=\"wc-add-to-cart.default\">\n\t\t\t\t<div class=\"elementor-widget-container\">\n\t\t\t\t\t\t\t\t\t<div class=\"elementor-button-wrapper\">\n\t\t\t\t\t<a rel=\"nofollow\" href=\"\/es\/?add-to-cart=9986\" data-quantity=\"1\" data-product_id=\"9986\" class=\"product_type_simple add_to_cart_button ajax_add_to_cart elementor-button elementor-size-sm\" role=\"button\">\n\t\t\t\t\t\t<span class=\"elementor-button-content-wrapper\">\n\t\t\t\t\t\t\t\t\t<span class=\"elementor-button-text\">A\u00f1adir a la cesta<\/span>\n\t\t\t\t\t<\/span>\n\t\t\t\t\t<\/a>\n\t\t\t\t<\/div>\n\t\t\t\t\t\t\t\t<\/div>\n\t\t\t\t<\/div>\n\t\t\t\t\t<\/div>\n\t\t<\/div>\n\t\t\t\t\t<\/div>\n\t\t<\/section>\n\t\t\t\t\t<\/div>\n\t\t<\/div>\n\t\t\t\t\t<\/div>\n\t\t<\/section>\n\t\t\t\t<\/div>\n\t\t\t\t<div data-elementor-type=\"loop-item\" data-elementor-id=\"13554\" class=\"elementor elementor-13554 elementor-12048 e-loop-item e-loop-item-6887 post-6887 product type-product status-publish has-post-thumbnail product_cat-perfumes-mixtos product_tag-aroma-ambar product_tag-extracto-de-perfume product_tag-fragancia-de-gamba-blanca product_tag-fragancia-vainilla product_tag-perfume-hecho-en-francia product_tag-perfume-oriental  instock shipping-taxable purchasable product-type-simple\" data-elementor-post-type=\"elementor_library\" data-custom-edit-handle=\"1\">\n\t\t\t\t\t<section class=\"elementor-section elementor-top-section elementor-element elementor-element-4d828f8 elementor-section-boxed elementor-section-height-default elementor-section-height-default\" data-id=\"4d828f8\" data-element_type=\"section\">\n\t\t\t\t\t\t<div class=\"elementor-container elementor-column-gap-default\">\n\t\t\t\t\t<div class=\"elementor-column elementor-col-100 elementor-top-column elementor-element elementor-element-c8bbb05\" data-id=\"c8bbb05\" data-element_type=\"column\">\n\t\t\t<div class=\"elementor-widget-wrap elementor-element-populated\">\n\t\t\t\t\t\t<div class=\"elementor-element elementor-element-ff0ebc7 elementor-widget elementor-widget-theme-post-featured-image elementor-widget-image\" data-id=\"ff0ebc7\" data-element_type=\"widget\" data-widget_type=\"theme-post-featured-image.default\">\n\t\t\t\t<div class=\"elementor-widget-container\">\n\t\t\t\t\t\t\t\t\t\t\t\t\t\t\t\t<a href=\"https:\/\/www.lesfleursdugolfe.com\/es\/producto\/perfume-a-la-cerise\/\">\n\t\t\t\t\t\t\t<img loading=\"lazy\" decoding=\"async\" width=\"800\" height=\"800\" src=\"https:\/\/www.lesfleursdugolfe.com\/wp-content\/uploads\/2020\/11\/Cherry-of-Cashmere_web-2-1024x1024.webp\" class=\"attachment-large size-large wp-image-11488\" alt=\"Parfum Cherry of Cashmere\" srcset=\"https:\/\/www.lesfleursdugolfe.com\/wp-content\/uploads\/2020\/11\/Cherry-of-Cashmere_web-2-1024x1024.webp 1024w, https:\/\/www.lesfleursdugolfe.com\/wp-content\/uploads\/2020\/11\/Cherry-of-Cashmere_web-2-300x300.webp 300w, https:\/\/www.lesfleursdugolfe.com\/wp-content\/uploads\/2020\/11\/Cherry-of-Cashmere_web-2-150x150.webp 150w, https:\/\/www.lesfleursdugolfe.com\/wp-content\/uploads\/2020\/11\/Cherry-of-Cashmere_web-2-768x768.webp 768w, https:\/\/www.lesfleursdugolfe.com\/wp-content\/uploads\/2020\/11\/Cherry-of-Cashmere_web-2-600x600.webp 600w, https:\/\/www.lesfleursdugolfe.com\/wp-content\/uploads\/2020\/11\/Cherry-of-Cashmere_web-2-100x100.webp 100w, https:\/\/www.lesfleursdugolfe.com\/wp-content\/uploads\/2020\/11\/Cherry-of-Cashmere_web-2.webp 1200w\" sizes=\"(max-width: 800px) 100vw, 800px\" \/>\t\t\t\t\t\t\t\t<\/a>\n\t\t\t\t\t\t\t\t\t\t\t\t\t\t\t<\/div>\n\t\t\t\t<\/div>\n\t\t\t\t<section class=\"elementor-section elementor-inner-section elementor-element elementor-element-e2a970d elementor-section-boxed elementor-section-height-default elementor-section-height-default\" data-id=\"e2a970d\" data-element_type=\"section\">\n\t\t\t\t\t\t<div class=\"elementor-container elementor-column-gap-default\">\n\t\t\t\t\t<div class=\"elementor-column elementor-col-100 elementor-inner-column elementor-element elementor-element-d572859\" data-id=\"d572859\" data-element_type=\"column\">\n\t\t\t<div class=\"elementor-widget-wrap elementor-element-populated\">\n\t\t\t\t\t\t<div class=\"elementor-element elementor-element-55194f7 elementor-widget elementor-widget-theme-post-title elementor-page-title elementor-widget-heading\" data-id=\"55194f7\" data-element_type=\"widget\" data-widget_type=\"theme-post-title.default\">\n\t\t\t\t<div class=\"elementor-widget-container\">\n\t\t\t\t\t<h1 class=\"elementor-heading-title elementor-size-default\"><a href=\"https:\/\/www.lesfleursdugolfe.com\/es\/producto\/perfume-a-la-cerise\/\">Cherry of Cashmere \u2013 Cereza, Vainilla y \u00c1mbar<\/a><\/h1>\t\t\t\t<\/div>\n\t\t\t\t<\/div>\n\t\t\t\t<div class=\"elementor-element elementor-element-95985ad elementor-widget elementor-widget-heading\" data-id=\"95985ad\" data-element_type=\"widget\" data-widget_type=\"heading.default\">\n\t\t\t\t<div class=\"elementor-widget-container\">\n\t\t\t\t\t<h2 class=\"elementor-heading-title elementor-size-default\"><span class=\"woocommerce-Price-amount amount\">100<span class=\"woocommerce-Price-currencySymbol\">&euro;<\/span><\/span><\/h2>\t\t\t\t<\/div>\n\t\t\t\t<\/div>\n\t\t\t\t<div class=\"elementor-element elementor-element-d4793ef elementor-add-to-cart--align-center elementor-widget elementor-widget-wc-add-to-cart\" data-id=\"d4793ef\" data-element_type=\"widget\" data-widget_type=\"wc-add-to-cart.default\">\n\t\t\t\t<div class=\"elementor-widget-container\">\n\t\t\t\t\t\t\t\t\t<div class=\"elementor-button-wrapper\">\n\t\t\t\t\t<a rel=\"nofollow\" href=\"\/es\/?add-to-cart=9986\" data-quantity=\"1\" data-product_id=\"9986\" class=\"product_type_simple add_to_cart_button ajax_add_to_cart elementor-button elementor-size-sm\" role=\"button\">\n\t\t\t\t\t\t<span class=\"elementor-button-content-wrapper\">\n\t\t\t\t\t\t\t\t\t<span class=\"elementor-button-text\">A\u00f1adir a la cesta<\/span>\n\t\t\t\t\t<\/span>\n\t\t\t\t\t<\/a>\n\t\t\t\t<\/div>\n\t\t\t\t\t\t\t\t<\/div>\n\t\t\t\t<\/div>\n\t\t\t\t\t<\/div>\n\t\t<\/div>\n\t\t\t\t\t<\/div>\n\t\t<\/section>\n\t\t\t\t\t<\/div>\n\t\t<\/div>\n\t\t\t\t\t<\/div>\n\t\t<\/section>\n\t\t\t\t<\/div>\n\t\t\t\t<div data-elementor-type=\"loop-item\" data-elementor-id=\"13554\" class=\"elementor elementor-13554 elementor-12048 e-loop-item e-loop-item-7017 post-7017 product type-product status-publish has-post-thumbnail product_cat-perfumes-mujer product_tag-aroma-almizcle product_tag-extracto-de-perfume product_tag-fragancia-vainilla product_tag-perfume-de-jazmin product_tag-perfume-hecho-en-francia product_tag-perfume-oriental product_tag-perfume-pachuli last instock shipping-taxable purchasable product-type-simple\" data-elementor-post-type=\"elementor_library\" data-custom-edit-handle=\"1\">\n\t\t\t\t\t<section class=\"elementor-section elementor-top-section elementor-element elementor-element-4d828f8 elementor-section-boxed elementor-section-height-default elementor-section-height-default\" data-id=\"4d828f8\" data-element_type=\"section\">\n\t\t\t\t\t\t<div class=\"elementor-container elementor-column-gap-default\">\n\t\t\t\t\t<div class=\"elementor-column elementor-col-100 elementor-top-column elementor-element elementor-element-c8bbb05\" data-id=\"c8bbb05\" data-element_type=\"column\">\n\t\t\t<div class=\"elementor-widget-wrap elementor-element-populated\">\n\t\t\t\t\t\t<div class=\"elementor-element elementor-element-ff0ebc7 elementor-widget elementor-widget-theme-post-featured-image elementor-widget-image\" data-id=\"ff0ebc7\" data-element_type=\"widget\" data-widget_type=\"theme-post-featured-image.default\">\n\t\t\t\t<div class=\"elementor-widget-container\">\n\t\t\t\t\t\t\t\t\t\t\t\t\t\t\t\t<a href=\"https:\/\/www.lesfleursdugolfe.com\/es\/producto\/esmeralda-codicioso-botella-dexception\/\">\n\t\t\t\t\t\t\t<img loading=\"lazy\" decoding=\"async\" width=\"800\" height=\"800\" src=\"https:\/\/www.lesfleursdugolfe.com\/wp-content\/uploads\/2020\/11\/Emeraude-Gourmande_web-1024x1024.webp\" class=\"attachment-large size-large wp-image-11505\" alt=\"Parfum Emeraude Gourmande\" srcset=\"https:\/\/www.lesfleursdugolfe.com\/wp-content\/uploads\/2020\/11\/Emeraude-Gourmande_web-1024x1024.webp 1024w, https:\/\/www.lesfleursdugolfe.com\/wp-content\/uploads\/2020\/11\/Emeraude-Gourmande_web-300x300.webp 300w, https:\/\/www.lesfleursdugolfe.com\/wp-content\/uploads\/2020\/11\/Emeraude-Gourmande_web-150x150.webp 150w, https:\/\/www.lesfleursdugolfe.com\/wp-content\/uploads\/2020\/11\/Emeraude-Gourmande_web-768x768.webp 768w, https:\/\/www.lesfleursdugolfe.com\/wp-content\/uploads\/2020\/11\/Emeraude-Gourmande_web-600x600.webp 600w, https:\/\/www.lesfleursdugolfe.com\/wp-content\/uploads\/2020\/11\/Emeraude-Gourmande_web-100x100.webp 100w, https:\/\/www.lesfleursdugolfe.com\/wp-content\/uploads\/2020\/11\/Emeraude-Gourmande_web.webp 1200w\" sizes=\"(max-width: 800px) 100vw, 800px\" \/>\t\t\t\t\t\t\t\t<\/a>\n\t\t\t\t\t\t\t\t\t\t\t\t\t\t\t<\/div>\n\t\t\t\t<\/div>\n\t\t\t\t<section class=\"elementor-section elementor-inner-section elementor-element elementor-element-e2a970d elementor-section-boxed elementor-section-height-default elementor-section-height-default\" data-id=\"e2a970d\" data-element_type=\"section\">\n\t\t\t\t\t\t<div class=\"elementor-container elementor-column-gap-default\">\n\t\t\t\t\t<div class=\"elementor-column elementor-col-100 elementor-inner-column elementor-element elementor-element-d572859\" data-id=\"d572859\" data-element_type=\"column\">\n\t\t\t<div class=\"elementor-widget-wrap elementor-element-populated\">\n\t\t\t\t\t\t<div class=\"elementor-element elementor-element-55194f7 elementor-widget elementor-widget-theme-post-title elementor-page-title elementor-widget-heading\" data-id=\"55194f7\" data-element_type=\"widget\" data-widget_type=\"theme-post-title.default\">\n\t\t\t\t<div class=\"elementor-widget-container\">\n\t\t\t\t\t<h1 class=\"elementor-heading-title elementor-size-default\"><a href=\"https:\/\/www.lesfleursdugolfe.com\/es\/producto\/esmeralda-codicioso-botella-dexception\/\">Emeraude Gourmande \u2013 Jazm\u00edn, Almizcle y Vainilla<\/a><\/h1>\t\t\t\t<\/div>\n\t\t\t\t<\/div>\n\t\t\t\t<div class=\"elementor-element elementor-element-95985ad elementor-widget elementor-widget-heading\" data-id=\"95985ad\" data-element_type=\"widget\" data-widget_type=\"heading.default\">\n\t\t\t\t<div class=\"elementor-widget-container\">\n\t\t\t\t\t<h2 class=\"elementor-heading-title elementor-size-default\"><span class=\"woocommerce-Price-amount amount\">90<span class=\"woocommerce-Price-currencySymbol\">&euro;<\/span><\/span><\/h2>\t\t\t\t<\/div>\n\t\t\t\t<\/div>\n\t\t\t\t<div class=\"elementor-element elementor-element-d4793ef elementor-add-to-cart--align-center elementor-widget elementor-widget-wc-add-to-cart\" data-id=\"d4793ef\" data-element_type=\"widget\" data-widget_type=\"wc-add-to-cart.default\">\n\t\t\t\t<div class=\"elementor-widget-container\">\n\t\t\t\t\t\t\t\t\t<div class=\"elementor-button-wrapper\">\n\t\t\t\t\t<a rel=\"nofollow\" href=\"\/es\/?add-to-cart=9986\" data-quantity=\"1\" data-product_id=\"9986\" class=\"product_type_simple add_to_cart_button ajax_add_to_cart elementor-button elementor-size-sm\" role=\"button\">\n\t\t\t\t\t\t<span class=\"elementor-button-content-wrapper\">\n\t\t\t\t\t\t\t\t\t<span class=\"elementor-button-text\">A\u00f1adir a la cesta<\/span>\n\t\t\t\t\t<\/span>\n\t\t\t\t\t<\/a>\n\t\t\t\t<\/div>\n\t\t\t\t\t\t\t\t<\/div>\n\t\t\t\t<\/div>\n\t\t\t\t\t<\/div>\n\t\t<\/div>\n\t\t\t\t\t<\/div>\n\t\t<\/section>\n\t\t\t\t\t<\/div>\n\t\t<\/div>\n\t\t\t\t\t<\/div>\n\t\t<\/section>\n\t\t\t\t<\/div>\n\t\t\t\t<div data-elementor-type=\"loop-item\" data-elementor-id=\"13554\" class=\"elementor elementor-13554 elementor-12048 e-loop-item e-loop-item-7077 post-7077 product type-product status-publish has-post-thumbnail product_cat-perfumes-mujer product_tag-aroma-almizcle product_tag-aroma-citrico product_tag-aroma-de-rosa product_tag-fragancia-vainilla product_tag-perfume-hecho-en-francia product_tag-perfume-oriental first instock shipping-taxable purchasable product-type-simple\" data-elementor-post-type=\"elementor_library\" data-custom-edit-handle=\"1\">\n\t\t\t\t\t<section class=\"elementor-section elementor-top-section elementor-element elementor-element-4d828f8 elementor-section-boxed elementor-section-height-default elementor-section-height-default\" data-id=\"4d828f8\" data-element_type=\"section\">\n\t\t\t\t\t\t<div class=\"elementor-container elementor-column-gap-default\">\n\t\t\t\t\t<div class=\"elementor-column elementor-col-100 elementor-top-column elementor-element elementor-element-c8bbb05\" data-id=\"c8bbb05\" data-element_type=\"column\">\n\t\t\t<div class=\"elementor-widget-wrap elementor-element-populated\">\n\t\t\t\t\t\t<div class=\"elementor-element elementor-element-ff0ebc7 elementor-widget elementor-widget-theme-post-featured-image elementor-widget-image\" data-id=\"ff0ebc7\" data-element_type=\"widget\" data-widget_type=\"theme-post-featured-image.default\">\n\t\t\t\t<div class=\"elementor-widget-container\">\n\t\t\t\t\t\t\t\t\t\t\t\t\t\t\t\t<a href=\"https:\/\/www.lesfleursdugolfe.com\/es\/producto\/rosa-damascena-botella-dexception\/\">\n\t\t\t\t\t\t\t<img loading=\"lazy\" decoding=\"async\" width=\"800\" height=\"800\" src=\"https:\/\/www.lesfleursdugolfe.com\/wp-content\/uploads\/2020\/03\/Rose-Damascena_web-1024x1024.webp\" class=\"attachment-large size-large wp-image-11512\" alt=\"\" srcset=\"https:\/\/www.lesfleursdugolfe.com\/wp-content\/uploads\/2020\/03\/Rose-Damascena_web-1024x1024.webp 1024w, https:\/\/www.lesfleursdugolfe.com\/wp-content\/uploads\/2020\/03\/Rose-Damascena_web-300x300.webp 300w, https:\/\/www.lesfleursdugolfe.com\/wp-content\/uploads\/2020\/03\/Rose-Damascena_web-150x150.webp 150w, https:\/\/www.lesfleursdugolfe.com\/wp-content\/uploads\/2020\/03\/Rose-Damascena_web-768x768.webp 768w, https:\/\/www.lesfleursdugolfe.com\/wp-content\/uploads\/2020\/03\/Rose-Damascena_web-600x600.webp 600w, https:\/\/www.lesfleursdugolfe.com\/wp-content\/uploads\/2020\/03\/Rose-Damascena_web-100x100.webp 100w, https:\/\/www.lesfleursdugolfe.com\/wp-content\/uploads\/2020\/03\/Rose-Damascena_web.webp 1200w\" sizes=\"(max-width: 800px) 100vw, 800px\" \/>\t\t\t\t\t\t\t\t<\/a>\n\t\t\t\t\t\t\t\t\t\t\t\t\t\t\t<\/div>\n\t\t\t\t<\/div>\n\t\t\t\t<section class=\"elementor-section elementor-inner-section elementor-element elementor-element-e2a970d elementor-section-boxed elementor-section-height-default elementor-section-height-default\" data-id=\"e2a970d\" data-element_type=\"section\">\n\t\t\t\t\t\t<div class=\"elementor-container elementor-column-gap-default\">\n\t\t\t\t\t<div class=\"elementor-column elementor-col-100 elementor-inner-column elementor-element elementor-element-d572859\" data-id=\"d572859\" data-element_type=\"column\">\n\t\t\t<div class=\"elementor-widget-wrap elementor-element-populated\">\n\t\t\t\t\t\t<div class=\"elementor-element elementor-element-55194f7 elementor-widget elementor-widget-theme-post-title elementor-page-title elementor-widget-heading\" data-id=\"55194f7\" data-element_type=\"widget\" data-widget_type=\"theme-post-title.default\">\n\t\t\t\t<div class=\"elementor-widget-container\">\n\t\t\t\t\t<h1 class=\"elementor-heading-title elementor-size-default\"><a href=\"https:\/\/www.lesfleursdugolfe.com\/es\/producto\/rosa-damascena-botella-dexception\/\">Rose damascena &#8211; Rosa, Almizcle y Vainilla<\/a><\/h1>\t\t\t\t<\/div>\n\t\t\t\t<\/div>\n\t\t\t\t<div class=\"elementor-element elementor-element-95985ad elementor-widget elementor-widget-heading\" data-id=\"95985ad\" data-element_type=\"widget\" data-widget_type=\"heading.default\">\n\t\t\t\t<div class=\"elementor-widget-container\">\n\t\t\t\t\t<h2 class=\"elementor-heading-title elementor-size-default\"><span class=\"woocommerce-Price-amount amount\">90<span class=\"woocommerce-Price-currencySymbol\">&euro;<\/span><\/span><\/h2>\t\t\t\t<\/div>\n\t\t\t\t<\/div>\n\t\t\t\t<div class=\"elementor-element elementor-element-d4793ef elementor-add-to-cart--align-center elementor-widget elementor-widget-wc-add-to-cart\" data-id=\"d4793ef\" data-element_type=\"widget\" data-widget_type=\"wc-add-to-cart.default\">\n\t\t\t\t<div class=\"elementor-widget-container\">\n\t\t\t\t\t\t\t\t\t<div class=\"elementor-button-wrapper\">\n\t\t\t\t\t<a rel=\"nofollow\" href=\"\/es\/?add-to-cart=9986\" data-quantity=\"1\" data-product_id=\"9986\" class=\"product_type_simple add_to_cart_button ajax_add_to_cart elementor-button elementor-size-sm\" role=\"button\">\n\t\t\t\t\t\t<span class=\"elementor-button-content-wrapper\">\n\t\t\t\t\t\t\t\t\t<span class=\"elementor-button-text\">A\u00f1adir a la cesta<\/span>\n\t\t\t\t\t<\/span>\n\t\t\t\t\t<\/a>\n\t\t\t\t<\/div>\n\t\t\t\t\t\t\t\t<\/div>\n\t\t\t\t<\/div>\n\t\t\t\t\t<\/div>\n\t\t<\/div>\n\t\t\t\t\t<\/div>\n\t\t<\/section>\n\t\t\t\t\t<\/div>\n\t\t<\/div>\n\t\t\t\t\t<\/div>\n\t\t<\/section>\n\t\t\t\t<\/div>\n\t\t\t\t<div data-elementor-type=\"loop-item\" data-elementor-id=\"13554\" class=\"elementor elementor-13554 elementor-12048 e-loop-item e-loop-item-7082 post-7082 product type-product status-publish has-post-thumbnail product_cat-perfumes-mixtos product_tag-perfume-gourmet product_tag-perfume-hecho-en-francia  instock shipping-taxable purchasable product-type-simple\" data-elementor-post-type=\"elementor_library\" data-custom-edit-handle=\"1\">\n\t\t\t\t\t<section class=\"elementor-section elementor-top-section elementor-element elementor-element-4d828f8 elementor-section-boxed elementor-section-height-default elementor-section-height-default\" data-id=\"4d828f8\" data-element_type=\"section\">\n\t\t\t\t\t\t<div class=\"elementor-container elementor-column-gap-default\">\n\t\t\t\t\t<div class=\"elementor-column elementor-col-100 elementor-top-column elementor-element elementor-element-c8bbb05\" data-id=\"c8bbb05\" data-element_type=\"column\">\n\t\t\t<div class=\"elementor-widget-wrap elementor-element-populated\">\n\t\t\t\t\t\t<div class=\"elementor-element elementor-element-ff0ebc7 elementor-widget elementor-widget-theme-post-featured-image elementor-widget-image\" data-id=\"ff0ebc7\" data-element_type=\"widget\" data-widget_type=\"theme-post-featured-image.default\">\n\t\t\t\t<div class=\"elementor-widget-container\">\n\t\t\t\t\t\t\t\t\t\t\t\t\t\t\t\t<a href=\"https:\/\/www.lesfleursdugolfe.com\/es\/producto\/sugar-oud-vial-d-exception\/\">\n\t\t\t\t\t\t\t<img loading=\"lazy\" decoding=\"async\" width=\"800\" height=\"800\" src=\"https:\/\/www.lesfleursdugolfe.com\/wp-content\/uploads\/2023\/05\/Sugar-Oud_web-1024x1024.webp\" class=\"attachment-large size-large wp-image-11411\" alt=\"Parfum Sugar oud a cot\u00e9 de ses notes\" srcset=\"https:\/\/www.lesfleursdugolfe.com\/wp-content\/uploads\/2023\/05\/Sugar-Oud_web-1024x1024.webp 1024w, https:\/\/www.lesfleursdugolfe.com\/wp-content\/uploads\/2023\/05\/Sugar-Oud_web-300x300.webp 300w, https:\/\/www.lesfleursdugolfe.com\/wp-content\/uploads\/2023\/05\/Sugar-Oud_web-150x150.webp 150w, https:\/\/www.lesfleursdugolfe.com\/wp-content\/uploads\/2023\/05\/Sugar-Oud_web-768x768.webp 768w, https:\/\/www.lesfleursdugolfe.com\/wp-content\/uploads\/2023\/05\/Sugar-Oud_web-600x600.webp 600w, https:\/\/www.lesfleursdugolfe.com\/wp-content\/uploads\/2023\/05\/Sugar-Oud_web-100x100.webp 100w, https:\/\/www.lesfleursdugolfe.com\/wp-content\/uploads\/2023\/05\/Sugar-Oud_web.webp 1200w\" sizes=\"(max-width: 800px) 100vw, 800px\" \/>\t\t\t\t\t\t\t\t<\/a>\n\t\t\t\t\t\t\t\t\t\t\t\t\t\t\t<\/div>\n\t\t\t\t<\/div>\n\t\t\t\t<section class=\"elementor-section elementor-inner-section elementor-element elementor-element-e2a970d elementor-section-boxed elementor-section-height-default elementor-section-height-default\" data-id=\"e2a970d\" data-element_type=\"section\">\n\t\t\t\t\t\t<div class=\"elementor-container elementor-column-gap-default\">\n\t\t\t\t\t<div class=\"elementor-column elementor-col-100 elementor-inner-column elementor-element elementor-element-d572859\" data-id=\"d572859\" data-element_type=\"column\">\n\t\t\t<div class=\"elementor-widget-wrap elementor-element-populated\">\n\t\t\t\t\t\t<div class=\"elementor-element elementor-element-55194f7 elementor-widget elementor-widget-theme-post-title elementor-page-title elementor-widget-heading\" data-id=\"55194f7\" data-element_type=\"widget\" data-widget_type=\"theme-post-title.default\">\n\t\t\t\t<div class=\"elementor-widget-container\">\n\t\t\t\t\t<h1 class=\"elementor-heading-title elementor-size-default\"><a href=\"https:\/\/www.lesfleursdugolfe.com\/es\/producto\/sugar-oud-vial-d-exception\/\">Sugar Oud &#8211; Vainilla y Oud<\/a><\/h1>\t\t\t\t<\/div>\n\t\t\t\t<\/div>\n\t\t\t\t<div class=\"elementor-element elementor-element-95985ad elementor-widget elementor-widget-heading\" data-id=\"95985ad\" data-element_type=\"widget\" data-widget_type=\"heading.default\">\n\t\t\t\t<div class=\"elementor-widget-container\">\n\t\t\t\t\t<h2 class=\"elementor-heading-title elementor-size-default\"><span class=\"woocommerce-Price-amount amount\">90<span class=\"woocommerce-Price-currencySymbol\">&euro;<\/span><\/span><\/h2>\t\t\t\t<\/div>\n\t\t\t\t<\/div>\n\t\t\t\t<div class=\"elementor-element elementor-element-d4793ef elementor-add-to-cart--align-center elementor-widget elementor-widget-wc-add-to-cart\" data-id=\"d4793ef\" data-element_type=\"widget\" data-widget_type=\"wc-add-to-cart.default\">\n\t\t\t\t<div class=\"elementor-widget-container\">\n\t\t\t\t\t\t\t\t\t<div class=\"elementor-button-wrapper\">\n\t\t\t\t\t<a rel=\"nofollow\" href=\"\/es\/?add-to-cart=9986\" data-quantity=\"1\" data-product_id=\"9986\" class=\"product_type_simple add_to_cart_button ajax_add_to_cart elementor-button elementor-size-sm\" role=\"button\">\n\t\t\t\t\t\t<span class=\"elementor-button-content-wrapper\">\n\t\t\t\t\t\t\t\t\t<span class=\"elementor-button-text\">A\u00f1adir a la cesta<\/span>\n\t\t\t\t\t<\/span>\n\t\t\t\t\t<\/a>\n\t\t\t\t<\/div>\n\t\t\t\t\t\t\t\t<\/div>\n\t\t\t\t<\/div>\n\t\t\t\t\t<\/div>\n\t\t<\/div>\n\t\t\t\t\t<\/div>\n\t\t<\/section>\n\t\t\t\t\t<\/div>\n\t\t<\/div>\n\t\t\t\t\t<\/div>\n\t\t<\/section>\n\t\t\t\t<\/div>\n\t\t\t\t<div data-elementor-type=\"loop-item\" data-elementor-id=\"13554\" class=\"elementor elementor-13554 elementor-12048 e-loop-item e-loop-item-7129 post-7129 product type-product status-publish has-post-thumbnail product_cat-perfumes-mixtos product_tag-aroma-a-almendra product_tag-aroma-ambar product_tag-fragancia-vainilla product_tag-perfume-gourmet product_tag-perfume-hecho-en-francia product_tag-perfume-oriental last instock shipping-taxable purchasable product-type-simple\" data-elementor-post-type=\"elementor_library\" data-custom-edit-handle=\"1\">\n\t\t\t\t\t<section class=\"elementor-section elementor-top-section elementor-element elementor-element-4d828f8 elementor-section-boxed elementor-section-height-default elementor-section-height-default\" data-id=\"4d828f8\" data-element_type=\"section\">\n\t\t\t\t\t\t<div class=\"elementor-container elementor-column-gap-default\">\n\t\t\t\t\t<div class=\"elementor-column elementor-col-100 elementor-top-column elementor-element elementor-element-c8bbb05\" data-id=\"c8bbb05\" data-element_type=\"column\">\n\t\t\t<div class=\"elementor-widget-wrap elementor-element-populated\">\n\t\t\t\t\t\t<div class=\"elementor-element elementor-element-ff0ebc7 elementor-widget elementor-widget-theme-post-featured-image elementor-widget-image\" data-id=\"ff0ebc7\" data-element_type=\"widget\" data-widget_type=\"theme-post-featured-image.default\">\n\t\t\t\t<div class=\"elementor-widget-container\">\n\t\t\t\t\t\t\t\t\t\t\t\t\t\t\t\t<a href=\"https:\/\/www.lesfleursdugolfe.com\/es\/producto\/baccara-vanille\/\">\n\t\t\t\t\t\t\t<img loading=\"lazy\" decoding=\"async\" width=\"800\" height=\"800\" src=\"https:\/\/www.lesfleursdugolfe.com\/wp-content\/uploads\/2023\/05\/Baccara-Vanille_web-1024x1024.webp\" class=\"attachment-large size-large wp-image-11383\" alt=\"Parfum Vanille Baccara Vanille des Fleurs du Gofle a cot\u00e9 de vanille, leurs, ambre et amandes\" srcset=\"https:\/\/www.lesfleursdugolfe.com\/wp-content\/uploads\/2023\/05\/Baccara-Vanille_web-1024x1024.webp 1024w, https:\/\/www.lesfleursdugolfe.com\/wp-content\/uploads\/2023\/05\/Baccara-Vanille_web-300x300.webp 300w, https:\/\/www.lesfleursdugolfe.com\/wp-content\/uploads\/2023\/05\/Baccara-Vanille_web-150x150.webp 150w, https:\/\/www.lesfleursdugolfe.com\/wp-content\/uploads\/2023\/05\/Baccara-Vanille_web-768x769.webp 768w, https:\/\/www.lesfleursdugolfe.com\/wp-content\/uploads\/2023\/05\/Baccara-Vanille_web-600x601.webp 600w, https:\/\/www.lesfleursdugolfe.com\/wp-content\/uploads\/2023\/05\/Baccara-Vanille_web-100x100.webp 100w, https:\/\/www.lesfleursdugolfe.com\/wp-content\/uploads\/2023\/05\/Baccara-Vanille_web.webp 1199w\" sizes=\"(max-width: 800px) 100vw, 800px\" \/>\t\t\t\t\t\t\t\t<\/a>\n\t\t\t\t\t\t\t\t\t\t\t\t\t\t\t<\/div>\n\t\t\t\t<\/div>\n\t\t\t\t<section class=\"elementor-section elementor-inner-section elementor-element elementor-element-e2a970d elementor-section-boxed elementor-section-height-default elementor-section-height-default\" data-id=\"e2a970d\" data-element_type=\"section\">\n\t\t\t\t\t\t<div class=\"elementor-container elementor-column-gap-default\">\n\t\t\t\t\t<div class=\"elementor-column elementor-col-100 elementor-inner-column elementor-element elementor-element-d572859\" data-id=\"d572859\" data-element_type=\"column\">\n\t\t\t<div class=\"elementor-widget-wrap elementor-element-populated\">\n\t\t\t\t\t\t<div class=\"elementor-element elementor-element-55194f7 elementor-widget elementor-widget-theme-post-title elementor-page-title elementor-widget-heading\" data-id=\"55194f7\" data-element_type=\"widget\" data-widget_type=\"theme-post-title.default\">\n\t\t\t\t<div class=\"elementor-widget-container\">\n\t\t\t\t\t<h1 class=\"elementor-heading-title elementor-size-default\"><a href=\"https:\/\/www.lesfleursdugolfe.com\/es\/producto\/baccara-vanille\/\">Baccara Vanille &#8211; Cl\u00e1sico &#8211; Vainilla y \u00c1mbar<\/a><\/h1>\t\t\t\t<\/div>\n\t\t\t\t<\/div>\n\t\t\t\t<div class=\"elementor-element elementor-element-95985ad elementor-widget elementor-widget-heading\" data-id=\"95985ad\" data-element_type=\"widget\" data-widget_type=\"heading.default\">\n\t\t\t\t<div class=\"elementor-widget-container\">\n\t\t\t\t\t<h2 class=\"elementor-heading-title elementor-size-default\"><span class=\"woocommerce-Price-amount amount\">90<span class=\"woocommerce-Price-currencySymbol\">&euro;<\/span><\/span><\/h2>\t\t\t\t<\/div>\n\t\t\t\t<\/div>\n\t\t\t\t<div class=\"elementor-element elementor-element-d4793ef elementor-add-to-cart--align-center elementor-widget elementor-widget-wc-add-to-cart\" data-id=\"d4793ef\" data-element_type=\"widget\" data-widget_type=\"wc-add-to-cart.default\">\n\t\t\t\t<div class=\"elementor-widget-container\">\n\t\t\t\t\t\t\t\t\t<div class=\"elementor-button-wrapper\">\n\t\t\t\t\t<a rel=\"nofollow\" href=\"\/es\/?add-to-cart=9986\" data-quantity=\"1\" data-product_id=\"9986\" class=\"product_type_simple add_to_cart_button ajax_add_to_cart elementor-button elementor-size-sm\" role=\"button\">\n\t\t\t\t\t\t<span class=\"elementor-button-content-wrapper\">\n\t\t\t\t\t\t\t\t\t<span class=\"elementor-button-text\">A\u00f1adir a la cesta<\/span>\n\t\t\t\t\t<\/span>\n\t\t\t\t\t<\/a>\n\t\t\t\t<\/div>\n\t\t\t\t\t\t\t\t<\/div>\n\t\t\t\t<\/div>\n\t\t\t\t\t<\/div>\n\t\t<\/div>\n\t\t\t\t\t<\/div>\n\t\t<\/section>\n\t\t\t\t\t<\/div>\n\t\t<\/div>\n\t\t\t\t\t<\/div>\n\t\t<\/section>\n\t\t\t\t<\/div>\n\t\t\t\t<\/div>\n\t\t\n\t\t\t\t\t\t<\/div>\n\t\t\t\t<\/div>\n\t\t\t\t\t<\/div>\n\t\t<\/div>\n\t\t\t\t\t<\/div>\n\t\t<\/section>\n\t\t\t\t<\/div>\n\t\t","protected":false},"excerpt":{"rendered":"<p>comercio Bienvenido a la tienda online de su casa francesa de perfumer\u00eda oriental, Les Fleurs du Golfe. Nuestros perfumes despertar\u00e1n tus sentidos a trav\u00e9s de la alianza de nuestra pasi\u00f3n oriental y la sutileza parisina; un torbellino de notas perfumadas que te llevan en un viaje al coraz\u00f3n de Oriente. elegir por genero hombres mixtos [&hellip;]<\/p>\n","protected":false},"author":1567,"featured_media":0,"parent":0,"menu_order":0,"comment_status":"closed","ping_status":"closed","template":"","meta":{"_acf_changed":false,"jetpack_post_was_ever_published":false,"footnotes":""},"class_list":["post-13518","page","type-page","status-publish","hentry"],"acf":[],"jetpack_sharing_enabled":true,"jetpack_shortlink":"https:\/\/wp.me\/Pbt4mR-3w2","_links":{"self":[{"href":"https:\/\/www.lesfleursdugolfe.com\/es\/wp-json\/wp\/v2\/pages\/13518","targetHints":{"allow":["GET"]}}],"collection":[{"href":"https:\/\/www.lesfleursdugolfe.com\/es\/wp-json\/wp\/v2\/pages"}],"about":[{"href":"https:\/\/www.lesfleursdugolfe.com\/es\/wp-json\/wp\/v2\/types\/page"}],"author":[{"embeddable":true,"href":"https:\/\/www.lesfleursdugolfe.com\/es\/wp-json\/wp\/v2\/users\/1567"}],"replies":[{"embeddable":true,"href":"https:\/\/www.lesfleursdugolfe.com\/es\/wp-json\/wp\/v2\/comments?post=13518"}],"version-history":[{"count":0,"href":"https:\/\/www.lesfleursdugolfe.com\/es\/wp-json\/wp\/v2\/pages\/13518\/revisions"}],"wp:attachment":[{"href":"https:\/\/www.lesfleursdugolfe.com\/es\/wp-json\/wp\/v2\/media?parent=13518"}],"curies":[{"name":"wp","href":"https:\/\/api.w.org\/{rel}","templated":true}]}}